{"id":437,"date":"2022-01-31T16:06:47","date_gmt":"2022-01-31T16:06:47","guid":{"rendered":"https:\/\/oicv.org\/valencia\/ranking\/"},"modified":"2026-02-16T18:47:57","modified_gmt":"2026-02-16T18:47:57","slug":"ranking","status":"publish","type":"page","link":"https:\/\/oicv.org\/valencia\/val\/ranking\/","title":{"rendered":"Ranking"},"content":{"rendered":"\n<h3 class=\"wp-block-heading subtit_desta\" id=\"resultats-convocatoria-28-01-2022\">Resultats convocat\u00f2ria 24-01-2025<\/h3>\n\n\n\n<div style=\"height:20px\" aria-hidden=\"true\" class=\"wp-block-spacer\"><\/div>\n\n\n\n<div class=\"wp-block-columns is-layout-flex wp-container-core-columns-is-layout-9d6595d7 wp-block-columns-is-layout-flex\">\n<div class=\"wp-block-column is-layout-flow wp-block-column-is-layout-flow\" style=\"flex-basis:66.66%\">\n<div class=\"wp-block-columns columnas_borde_izq is-layout-flex wp-container-core-columns-is-layout-9d6595d7 wp-block-columns-is-layout-flex\">\n<div class=\"wp-block-column is-layout-flow wp-block-column-is-layout-flow\" style=\"flex-basis:66.66%\">\n<h4 class=\"wp-block-heading subtit_desta\" id=\"premis\">Premis:<\/h4>\n\n\n\n<div style=\"height:10px\" aria-hidden=\"true\" class=\"wp-block-spacer\"><\/div>\n\n\n\n<ol class=\"wp-block-list lista_ranking\">\n<li><strong>Mauricio Jos\u00e9 P\u00e9rez Hern\u00e1ndez<\/strong><br><em>Batxillerat <\/em>&#8211; La Salle Paterna<\/li>\n\n\n\n<li><strong>Pedro Segarra Ferrer<\/strong><br><em>Batxillerat <\/em>&#8211; Agora Lled\u00f3 Castell\u00f3 de la Plana International School<\/li>\n\n\n\n<li><strong>Marc Calduch Oudinot<\/strong><br><em>Batxillera<\/em>t<em> &#8211;<\/em> IES Leopoldo Querol Vinar\u00f2s<\/li>\n<\/ol>\n\n\n\n<div style=\"height:50px\" aria-hidden=\"true\" class=\"wp-block-spacer\"><\/div>\n\n\n\n<h4 class=\"wp-block-heading subtit_desta\" id=\"mencions-honorifiques\">Acc\u00e8sits:<\/h4>\n\n\n\n<div style=\"height:10px\" aria-hidden=\"true\" class=\"wp-block-spacer\"><\/div>\n\n\n\n<ul class=\"wp-block-list\">\n<li><strong>Carlos&nbsp; Fuentes Mart\u00ednez<\/strong> <\/li>\n\n\n\n<li><em>Batxillerat-<\/em>  Nuestra Se\u00f1ora del Pilar \u2013 Val\u00e8ncia<\/li>\n\n\n\n<li><strong>Sara Ruiz Collado<\/strong><br><em>Batxillerat-<\/em>  La Salle Paterna<\/li>\n<\/ul>\n\n\n\n<div style=\"height:30px\" aria-hidden=\"true\" class=\"wp-block-spacer\"><\/div>\n\n\n\n<p class=\"has-text-align-center enlace_destacado d-none\"><a href=\"https:\/\/oicv.org\/valencia\/val\/galeria\/\" data-type=\"page\" data-id=\"538\">Galeria del esdeveniment<\/a><\/p>\n<\/div>\n\n\n\n<div class=\"wp-block-column is-layout-flow wp-block-column-is-layout-flow\" style=\"flex-basis:33.33%\">\n<h4 class=\"wp-block-heading subtit_desta\" id=\"exercicis-de-la-prova\">Exercicis de la prova<\/h4>\n\n\n\n<div style=\"height:10px\" aria-hidden=\"true\" class=\"wp-block-spacer\"><\/div>\n\n\n\n<ul class=\"wp-block-list\">\n<li><a href=\"https:\/\/oicv.org\/valencia\/wp-content\/uploads\/2026\/02\/codi_secret_val.pdf\" target=\"_blank\" rel=\"noreferrer noopener\">Codi secret<\/a><\/li>\n\n\n\n<li><a href=\"https:\/\/oicv.org\/valencia\/wp-content\/uploads\/2026\/02\/ciutat_val.pdf\" target=\"_blank\" rel=\"noreferrer noopener\">La ciutat dels colors<\/a><\/li>\n\n\n\n<li><a href=\"https:\/\/oicv.org\/valencia\/wp-content\/uploads\/2026\/02\/virus_val.pdf\" target=\"_blank\" rel=\"noreferrer noopener\">Incid\u00e8ncia acumulada de virus<\/a><\/li>\n\n\n\n<li><a href=\"https:\/\/oicv.org\/valencia\/wp-content\/uploads\/2026\/02\/incendi_forestal_val.pdf\" target=\"_blank\" rel=\"noreferrer noopener\">Incendi Forestal<\/a><\/li>\n<\/ul>\n<\/div>\n<\/div>\n<\/div>\n\n\n\n<div class=\"wp-block-column is-layout-flow wp-block-column-is-layout-flow\" style=\"flex-basis:33.33%\">\n<figure class=\"wp-block-image size-large\"><img loading=\"lazy\" decoding=\"async\" width=\"1024\" height=\"1024\" src=\"https:\/\/oicv.org\/valencia\/wp-content\/uploads\/2022\/01\/ranking-1024x1024.png\" alt=\"\" class=\"wp-image-378\" srcset=\"https:\/\/oicv.org\/valencia\/wp-content\/uploads\/2022\/01\/ranking-1024x1024.png 1024w, https:\/\/oicv.org\/valencia\/wp-content\/uploads\/2022\/01\/ranking-300x300.png 300w, https:\/\/oicv.org\/valencia\/wp-content\/uploads\/2022\/01\/ranking-150x150.png 150w, https:\/\/oicv.org\/valencia\/wp-content\/uploads\/2022\/01\/ranking-768x768.png 768w, https:\/\/oicv.org\/valencia\/wp-content\/uploads\/2022\/01\/ranking.png 1200w\" sizes=\"auto, (max-width: 1024px) 100vw, 1024px\" \/><\/figure>\n<\/div>\n<\/div>\n\n\n\n<div style=\"height:30px\" aria-hidden=\"true\" class=\"wp-block-spacer\"><\/div>\n","protected":false},"excerpt":{"rendered":"<p>Resultats convocat\u00f2ria 24-01-2025 Premis: Acc\u00e8sits: Galeria del esdeveniment Exercicis de la prova<\/p>\n","protected":false},"author":1,"featured_media":0,"parent":0,"menu_order":0,"comment_status":"closed","ping_status":"closed","template":"views\/template-basica.blade.php","meta":{"_acf_changed":false,"inline_featured_image":false,"footnotes":""},"class_list":["post-437","page","type-page","status-publish","hentry"],"acf":[],"_links":{"self":[{"href":"https:\/\/oicv.org\/valencia\/val\/wp-json\/wp\/v2\/pages\/437","targetHints":{"allow":["GET"]}}],"collection":[{"href":"https:\/\/oicv.org\/valencia\/val\/wp-json\/wp\/v2\/pages"}],"about":[{"href":"https:\/\/oicv.org\/valencia\/val\/wp-json\/wp\/v2\/types\/page"}],"author":[{"embeddable":true,"href":"https:\/\/oicv.org\/valencia\/val\/wp-json\/wp\/v2\/users\/1"}],"replies":[{"embeddable":true,"href":"https:\/\/oicv.org\/valencia\/val\/wp-json\/wp\/v2\/comments?post=437"}],"version-history":[{"count":28,"href":"https:\/\/oicv.org\/valencia\/val\/wp-json\/wp\/v2\/pages\/437\/revisions"}],"predecessor-version":[{"id":1181,"href":"https:\/\/oicv.org\/valencia\/val\/wp-json\/wp\/v2\/pages\/437\/revisions\/1181"}],"wp:attachment":[{"href":"https:\/\/oicv.org\/valencia\/val\/wp-json\/wp\/v2\/media?parent=437"}],"curies":[{"name":"wp","href":"https:\/\/api.w.org\/{rel}","templated":true}]}}