{"id":352,"date":"2022-01-31T16:06:47","date_gmt":"2022-01-31T16:06:47","guid":{"rendered":"https:\/\/oicv.org\/valencia\/?page_id=352"},"modified":"2026-02-16T18:45:26","modified_gmt":"2026-02-16T18:45:26","slug":"ranking","status":"publish","type":"page","link":"https:\/\/oicv.org\/valencia\/ranking\/","title":{"rendered":"Ranking"},"content":{"rendered":"\n<h3 class=\"wp-block-heading subtit_desta\" id=\"resultados-convocatoria-28-01-2022\">Resultados convocatoria 23-01-2026<\/h3>\n\n\n\n<div style=\"height:20px\" aria-hidden=\"true\" class=\"wp-block-spacer\"><\/div>\n\n\n\n<div class=\"wp-block-columns is-layout-flex wp-container-core-columns-is-layout-9d6595d7 wp-block-columns-is-layout-flex\">\n<div class=\"wp-block-column is-layout-flow wp-block-column-is-layout-flow\" style=\"flex-basis:66.66%\">\n<div class=\"wp-block-columns columnas_borde_izq is-layout-flex wp-container-core-columns-is-layout-9d6595d7 wp-block-columns-is-layout-flex\">\n<div class=\"wp-block-column is-layout-flow wp-block-column-is-layout-flow\" style=\"flex-basis:66.66%\">\n<h4 class=\"wp-block-heading subtit_desta\" id=\"premios\">Premios:<\/h4>\n\n\n\n<p>Primer premio:<\/p>\n\n\n\n<p><\/p>\n\n\n\n<ul class=\"wp-block-list lista_ranking\">\n<li><strong>Mauricio Jos\u00e9 P\u00e9rez Hern\u00e1ndez<\/strong><br><em>Bachillerato <\/em>&#8211; La Salle -Paterna<\/li>\n<\/ul>\n\n\n\n<p>Segundo premio:<\/p>\n\n\n\n<ul class=\"wp-block-list lista_ranking\">\n<li><strong>Pedro Segarra Ferrer<\/strong><br><em>Bachillerato <\/em>&#8211; Agora Lled\u00f3 International School &#8211; Castell\u00f3 de la Plana<\/li>\n<\/ul>\n\n\n\n<p>Tercer premio:<\/p>\n\n\n\n<ul class=\"wp-block-list lista_ranking\">\n<li><strong>Marc Calduch Oudinot<\/strong><br><em>Bachillerato <\/em>&#8211; IES Leopoldo Querol -Vinar\u00f2s<\/li>\n<\/ul>\n\n\n\n<h4 class=\"wp-block-heading subtit_desta\" id=\"menciones-honorificas\">Acc\u00e9sits:<\/h4>\n\n\n\n<div style=\"height:10px\" aria-hidden=\"true\" class=\"wp-block-spacer\"><\/div>\n\n\n\n<ul class=\"wp-block-list\">\n<li><strong>Carlos&nbsp; Fuentes Mart\u00ednez<\/strong><br><em>Bachillerato &#8211;<\/em> Nuestra Se\u00f1ora del Pilar &#8211; Valencia<\/li>\n\n\n\n<li><strong>Sara Ruiz Collado<\/strong><br><em>Bachillerato-<\/em>  La Salle &#8211; Paterna<\/li>\n<\/ul>\n\n\n\n<div style=\"height:30px\" aria-hidden=\"true\" class=\"wp-block-spacer\"><\/div>\n\n\n\n<p class=\"has-text-align-center enlace_destacado d-none\"><a href=\"https:\/\/oicv.org\/valencia\/galeria\/\" data-type=\"page\" data-id=\"449\">Galer\u00eda del evento<\/a><\/p>\n<\/div>\n\n\n\n<div class=\"wp-block-column is-layout-flow wp-block-column-is-layout-flow\" style=\"flex-basis:33.33%\">\n<h4 class=\"wp-block-heading subtit_desta\" id=\"ejercicios-de-la-prueba\">Ejercicios de la prueba<\/h4>\n\n\n\n<div style=\"height:10px\" aria-hidden=\"true\" class=\"wp-block-spacer\"><\/div>\n\n\n\n<ul class=\"wp-block-list lista_ranking\">\n<li><a href=\"https:\/\/oicv.org\/valencia\/wp-content\/uploads\/2026\/02\/codi_secret_es.pdf\" target=\"_blank\" rel=\"noreferrer noopener\">C\u00f3digo Secreto<\/a><\/li>\n\n\n\n<li><a href=\"https:\/\/oicv.org\/valencia\/wp-content\/uploads\/2026\/02\/ciutat_es.pdf\" target=\"_blank\" rel=\"noreferrer noopener\">La ciudad de los colores<\/a><\/li>\n\n\n\n<li><a href=\"https:\/\/oicv.org\/valencia\/wp-content\/uploads\/2026\/02\/virus_es.pdf\" target=\"_blank\" rel=\"noreferrer noopener\">Incidencia acumulada de virus<\/a><\/li>\n\n\n\n<li><a href=\"https:\/\/oicv.org\/valencia\/wp-content\/uploads\/2026\/02\/incendi_forestal_es.pdf\" target=\"_blank\" rel=\"noreferrer noopener\">Incendio Forestal<\/a><\/li>\n<\/ul>\n<\/div>\n<\/div>\n<\/div>\n\n\n\n<div class=\"wp-block-column is-layout-flow wp-block-column-is-layout-flow\" style=\"flex-basis:33.33%\">\n<figure class=\"wp-block-image size-large\"><img loading=\"lazy\" decoding=\"async\" width=\"1024\" height=\"1024\" src=\"https:\/\/oicv.org\/valencia\/wp-content\/uploads\/2022\/01\/ranking-1024x1024.png\" alt=\"\" class=\"wp-image-376\" srcset=\"https:\/\/oicv.org\/valencia\/wp-content\/uploads\/2022\/01\/ranking-1024x1024.png 1024w, https:\/\/oicv.org\/valencia\/wp-content\/uploads\/2022\/01\/ranking-300x300.png 300w, https:\/\/oicv.org\/valencia\/wp-content\/uploads\/2022\/01\/ranking-150x150.png 150w, https:\/\/oicv.org\/valencia\/wp-content\/uploads\/2022\/01\/ranking-768x768.png 768w, https:\/\/oicv.org\/valencia\/wp-content\/uploads\/2022\/01\/ranking.png 1200w\" sizes=\"auto, (max-width: 1024px) 100vw, 1024px\" \/><\/figure>\n<\/div>\n<\/div>\n\n\n\n<div style=\"height:30px\" aria-hidden=\"true\" class=\"wp-block-spacer\"><\/div>\n","protected":false},"excerpt":{"rendered":"<p>Resultados convocatoria 23-01-2026 Premios: Primer premio: Segundo premio: Tercer premio: Acc\u00e9sits: Galer\u00eda del evento Ejercicios de la prueba<\/p>\n","protected":false},"author":1,"featured_media":0,"parent":0,"menu_order":0,"comment_status":"closed","ping_status":"closed","template":"views\/template-basica.blade.php","meta":{"_acf_changed":false,"inline_featured_image":false,"footnotes":""},"class_list":["post-352","page","type-page","status-publish","hentry"],"acf":[],"_links":{"self":[{"href":"https:\/\/oicv.org\/valencia\/wp-json\/wp\/v2\/pages\/352","targetHints":{"allow":["GET"]}}],"collection":[{"href":"https:\/\/oicv.org\/valencia\/wp-json\/wp\/v2\/pages"}],"about":[{"href":"https:\/\/oicv.org\/valencia\/wp-json\/wp\/v2\/types\/page"}],"author":[{"embeddable":true,"href":"https:\/\/oicv.org\/valencia\/wp-json\/wp\/v2\/users\/1"}],"replies":[{"embeddable":true,"href":"https:\/\/oicv.org\/valencia\/wp-json\/wp\/v2\/comments?post=352"}],"version-history":[{"count":79,"href":"https:\/\/oicv.org\/valencia\/wp-json\/wp\/v2\/pages\/352\/revisions"}],"predecessor-version":[{"id":1179,"href":"https:\/\/oicv.org\/valencia\/wp-json\/wp\/v2\/pages\/352\/revisions\/1179"}],"wp:attachment":[{"href":"https:\/\/oicv.org\/valencia\/wp-json\/wp\/v2\/media?parent=352"}],"curies":[{"name":"wp","href":"https:\/\/api.w.org\/{rel}","templated":true}]}}